{"id":14453,"date":"2018-02-13T13:34:21","date_gmt":"2018-02-13T12:34:21","guid":{"rendered":"http:\/\/europeanquality.eu\/?page_id=14453"},"modified":"2018-05-18T09:45:15","modified_gmt":"2018-05-18T07:45:15","slug":"european-congress-of-quality-2014","status":"publish","type":"page","link":"https:\/\/europeanquality.eu\/en\/congress\/european-congress-of-quality-2014\/","title":{"rendered":"I European Quality Congress"},"content":{"rendered":"<p><strong>Almost 500 participants, six thematic panels, notable guests and a whole day of substantive talks on the importance and role of quality in achieving business success. This is a short summary of the 1st European Congress of Quality, which took place on March 23, 2015 in Warsaw. The organizer &#8211; the QUALITAS Foundation &#8211; has made things which were seemingly impossible: it integrated theoreticians and practitioners of the quality management theme with the slogan: QUALITY. A NEW PERSPECTIVE. The event was combined with the ceremonial presentation of the Quality of the Year\u00ae2014 certificates.<\/strong><\/p>\n<figure><img loading=\"lazy\" decoding=\"async\" width=\"900\" height=\"500\" class=\"alignnone size-full wp-image-11221\" alt=\"\" src=\"https:\/\/europeanquality.eu\/cnt\/upld\/2017\/12\/grupowe-2014.jpg\" srcset=\"https:\/\/europeanquality.eu\/cnt\/upld\/2017\/12\/grupowe-2014.jpg 900w, https:\/\/europeanquality.eu\/cnt\/upld\/2017\/12\/grupowe-2014-640x356.jpg 640w, https:\/\/europeanquality.eu\/cnt\/upld\/2017\/12\/grupowe-2014-768x427.jpg 768w\" sizes=\"auto, (max-width: 900px) 100vw, 900px\" \/><\/figure>\n<p>And the European Congress of Quality is a special initiative. For the first time representatives of the world of business and science had the opportunity to meet, discuss and exchange views and experiences. The event was open to everyone so that everyone could benefit from the knowledge they were given. The experts gathered discussed the aspects of management through quality, innovation and ecology.<\/p>\n<p>&#8211; Quality is a way of thinking. Nowadays, in Europe, quality is taken for granted. We have achieved it and we think that it will always be so. As a result, she found herself on the defensive. We want the European Congress of Quality to become a new force for the development and change of the way in which we think about quality &#8211; said Marcin Ka\u0142u\u017cny, the originator of the event and the Chairman of the Chapter Committee during the inaugural speech. &#8211; We are also happy that Congress offers an opportunity to integrate pro-quality environments &#8211; he added.<\/p>\n<p>The event was honored by outstanding special guests: professor Andrzej Blikle, author of the book &#8220;Doktryna Jako\u015bci&#8221;, which for years managed one of the oldest and best known family companies: A. Blikle, and Dr. Eric Janssens, General Director of the European Organization for Quality, based in Brussels. Both gave lectures and took part in discussions and shared their knowledge. &#8211; You should talk about quality as much as possible, and such meetings are a perfect opportunity for this &#8211; said professor Andrzej Blikle. The same opinion is also shared by Dr. Eric Janssens, who emphasized that quality is something you have to work at all the time, confirm it with certificates and talk about it to your customers.<\/p>\n<p>In addition to lectures and plenary speeches, during the Congress six thematic panels were held, led by specialists in their fields. They concerned various aspects of quality and were divided into two parts. &#8220;Changes in the ISO 9001: 2015 standard &#8211; what will the new version of the quality management standard bring for your organization?&#8221; was moderated by Marek Roszak, Member of the Management Board of the Polish ISO 9000 Forum, sitting simultaneously in the Chapter of the QUALITY OF THE YEAR. In the panel &#8220;KAIZEN in the service of quality &#8211; effective management of the organization&#8221; the main expert was Ilona Nowicka, director of KAIZEN Institute Poland Operations. On the other hand, the debate on how to promote the quality of your organization and what are the benefits of it, was led by Krzysztof Stadler, president of the board of the QUALITAS Foundation.<\/p>\n<p>In the second part of panel discussions, experts moderated by professor Stanis\u0142aw Borkowski from the Cz\u0119stochowa University of Technology sought to answer the questions: what is the significance of the transfer of theoretical knowledge to the organization and what are the chances and opportunities for cooperation on the science-business line in this respect. At the same time, Piotr B\u0142o\u0144ski &#8211; trainer and auditor of DEKRA, discussed the risk management aspects with the use of internal audits. In turn, the panel of Ma\u0142gorzata Skucha, the president of the board of the National Fund for Environmental Protection and Water Management, concerned the place and role of quality in ecology.<\/p>\n<p>Substantive discussions, interesting conclusions and many valuable comments for managers &#8211; this is how these one-and-a-half-hour panel sessions can be summed up.<\/p>\n<p>The main debate, summarizing the conclusions from earlier thematic panels, took place in the evening. The discussion was led by Marcin Piasecki, the editor-in-chief of the SUKCES magazine, looking for answers to the question of what the new quality perspective was &#8211; in line with the Congress&#8217;s slogan.<\/p>\n<p>The substantive part of the event was closed by the ceremonial Final Gala, during which the Quality of the Year\u00ae2014 certificates were awarded. The prestigious group of laureates included only those enterprises, institutions, scientific and research units and universities, which in their daily work are characterized by a pro-quality approach to conducting business and management. Among the nearly 200 winners there were representatives of various industries, representing both small local companies and large corporations with global reach. Diplomas were awarded to them (including Farmio SA, Agito Sp. Z o. O., ABAKUS OKNA SA, Seifert Polska Sp. Z o. O.) And the Quality of the Year\u00ae ROSE statuettes (including PLUS Bank SA, Gandalf Sp. Z oo) , SREBRO (including Amex B\u0105czek, Oras Olesno Sp. Z oo), Z\u0141OTO (including the Institute of Computer Science PAS, INNOVA SA, Sok\u00f3\u0142ka Okna i Drzwi SA) and DIAMENT (CLASSEN-POL SA, VauPe Sp. z oo and Vetrex Sp. z oo).<\/p>\n<p>&#8211; This edition showed a very high level of quality management among Polish enterprises &#8211; emphasized Krzysztof Stadler, president of the board of the QUALITAS Foundation, a member of the QUALITY OF THE YEAR Chapter Committee. &#8211; We want to talk more and more about quality, and such events help spread this idea in the business world.<\/p>\n<p>During the Congress there was also the official premiere of the new magazine, which appeared on the market in the first quarter of this year: QUALITY TODAY. The new title addresses issues related to practical aspects of quality, its impact on the achieved business effects and the functioning of the economy. The magazine is published along with Dziennik Gazeta Prawna and with the POLITYKA weekly.<\/p>\n<p>The 1st European Quality Congress ended with a ceremonial banquet combined with a recital by Basia Janyga, finalist of the program &#8220;The Voice of Poland&#8221;. It was a perfect moment to establish business contacts and network in the lobby. The participants could also, in a specially designated space, view and test the awarded products, marked with the QUALITY OF THE YEAR emblem.<\/p>\n<p>A prestigious group of honorary patrons and partners, excellent experts and special guests, the presence of representatives of local government units from all over Poland, as well as great interest from the participants of the 1st European Congress of Quality &#8211; all this proves that the event was long-awaited and needed. The organizers have already announced next editions, and Congress will certainly enter the economic landscape of Central Europe and a calendar of the most important events concerning quality.<\/p>\n<h2>Watch the movie:<\/h2>\n<div class=\"flexible-container\"><iframe loading=\"lazy\" title=\"Relacja z I Europejskiego Kongresu Jako\u015bci\" width=\"500\" height=\"281\" src=\"https:\/\/www.youtube.com\/embed\/XoOEP9KLCjQ?feature=oembed\" frameborder=\"0\" allow=\"accelerometer; autoplay; clipboard-write; encrypted-media; gyroscope; picture-in-picture; web-share\" referrerpolicy=\"strict-origin-when-cross-origin\" allowfullscreen><\/iframe><\/div>\n\n\t\t<style type=\"text\/css\">\n\t\t\t#gallery-1 {\n\t\t\t\tmargin: auto;\n\t\t\t}\n\t\t\t#gallery-1 .gallery-item {\n\t\t\t\tfloat: left;\n\t\t\t\tmargin-top: 10px;\n\t\t\t\ttext-align: center;\n\t\t\t\twidth: 25%;\n\t\t\t}\n\t\t\t#gallery-1 img {\n\t\t\t\tborder: 2px solid #cfcfcf;\n\t\t\t}\n\t\t\t#gallery-1 .gallery-caption {\n\t\t\t\tmargin-left: 0;\n\t\t\t}\n\t\t\t\/* see gallery_shortcode() in wp-includes\/media.php *\/\n\t\t<\/style>\n\t\t<div id='gallery-1' class='gallery galleryid-14453 gallery-columns-4 gallery-size-full'><dl class='gallery-item'>\n\t\t\t<dt class='gallery-icon portrait'>\n\t\t\t\t<img loading=\"lazy\" decoding=\"async\" width=\"110\" height=\"155\" src=\"https:\/\/europeanquality.eu\/cnt\/upld\/2017\/12\/laureaci-2014.jpg\" class=\"attachment-full size-full\" alt=\"\" aria-describedby=\"gallery-1-12925\" \/>\n\t\t\t<\/dt>\n\t\t\t\t<dd class='wp-caption-text gallery-caption' id='gallery-1-12925'>\n\t\t\t\t<a href=\"https:\/\/europeanquality.eu\/cnt\/upld\/2017\/12\/jakosc-roku-2014.jpg\">Laureaci 2014<\/a>\n\t\t\t\t<\/dd><\/dl><dl class='gallery-item'>\n\t\t\t<dt class='gallery-icon portrait'>\n\t\t\t\t<img loading=\"lazy\" decoding=\"async\" width=\"110\" height=\"155\" src=\"https:\/\/europeanquality.eu\/cnt\/upld\/2017\/12\/galeria-2014.jpg\" class=\"attachment-full size-full\" alt=\"\" aria-describedby=\"gallery-1-12924\" \/>\n\t\t\t<\/dt>\n\t\t\t\t<dd class='wp-caption-text gallery-caption' id='gallery-1-12924'>\n\t\t\t\t<a href=\"\">Galeria 2014<\/a>\n\t\t\t\t<\/dd><\/dl><dl class='gallery-item'>\n\t\t\t<dt class='gallery-icon portrait'>\n\t\t\t\t<img loading=\"lazy\" decoding=\"async\" width=\"110\" height=\"155\" src=\"https:\/\/europeanquality.eu\/cnt\/upld\/2017\/12\/folder-1-ekj.jpg\" class=\"attachment-full size-full\" alt=\"\" aria-describedby=\"gallery-1-12923\" \/>\n\t\t\t<\/dt>\n\t\t\t\t<dd class='wp-caption-text gallery-caption' id='gallery-1-12923'>\n\t\t\t\t<a href=\"https:\/\/europeanquality.eu\/cnt\/upld\/2017\/12\/jakosc-roku-2014.jpg\">Folder informacyjny I EKJ<\/a>\n\t\t\t\t<\/dd><\/dl><dl class='gallery-item'>\n\t\t\t<dt class='gallery-icon portrait'>\n\t\t\t\t<img loading=\"lazy\" decoding=\"async\" width=\"110\" height=\"155\" src=\"https:\/\/europeanquality.eu\/cnt\/upld\/2017\/12\/firma-xxi-wieku.jpg\" class=\"attachment-full size-full\" alt=\"\" aria-describedby=\"gallery-1-12922\" \/>\n\t\t\t<\/dt>\n\t\t\t\t<dd class='wp-caption-text gallery-caption' id='gallery-1-12922'>\n\t\t\t\t<a href=\"https:\/\/europeanquality.eu\/cnt\/upld\/2017\/12\/firma-xxi-wieku.pdf\">Prezentacja prof. A. Blikle<\/a>\n\t\t\t\t<\/dd><\/dl><br style=\"clear: both\" \/>\n\t\t<\/div>\n\n","protected":false},"excerpt":{"rendered":"<p>Almost 500 participants, six thematic panels, notable guests and a whole day of substantive talks on the importance and role of quality in achieving business success. This is a short summary of the 1st European Congress of Quality, which took place on March 23, 2015 in Warsaw. The organizer &#8211; the QUALITAS Foundation &#8211; has [&hellip;]<\/p>\n","protected":false},"author":1,"featured_media":0,"parent":14449,"menu_order":2014,"comment_status":"closed","ping_status":"closed","template":"","meta":{"_coblocks_attr":"","_coblocks_dimensions":"","_coblocks_responsive_height":"","_coblocks_accordion_ie_support":"","footnotes":""},"class_list":["post-14453","page","type-page","status-publish","hentry"],"yoast_head":"<!-- This site is optimized with the Yoast SEO plugin v24.3 - https:\/\/yoast.com\/wordpress\/plugins\/seo\/ -->\n<title>I European Quality Congress - European Quality Certificate<\/title>\n<meta name=\"description\" content=\"Almost 500 participants, six thematic panels, notable guests and a whole day of substantive talks on the importance and role of quality in achieving\" \/>\n<meta name=\"robots\" content=\"index, follow, max-snippet:-1, max-image-preview:large, max-video-preview:-1\" \/>\n<link rel=\"canonical\" href=\"https:\/\/europeanquality.eu\/en\/congress\/european-congress-of-quality-2014\/\" \/>\n<meta property=\"og:locale\" content=\"en_US\" \/>\n<meta property=\"og:type\" content=\"article\" \/>\n<meta property=\"og:title\" content=\"I European Quality Congress - European Quality Certificate\" \/>\n<meta property=\"og:description\" content=\"Almost 500 participants, six thematic panels, notable guests and a whole day of substantive talks on the importance and role of quality in achieving\" \/>\n<meta property=\"og:url\" content=\"https:\/\/europeanquality.eu\/en\/congress\/european-congress-of-quality-2014\/\" \/>\n<meta property=\"og:site_name\" content=\"European Quality Certificate\" \/>\n<meta property=\"article:publisher\" content=\"https:\/\/www.facebook.com\/europeanqualitycertificate\/\" \/>\n<meta property=\"article:modified_time\" content=\"2018-05-18T07:45:15+00:00\" \/>\n<meta property=\"og:image\" content=\"https:\/\/europeanquality.eu\/cnt\/upld\/2017\/12\/laureaci-2014.jpg\" \/>\n<meta name=\"twitter:card\" content=\"summary_large_image\" \/>\n<meta name=\"twitter:label1\" content=\"Est. reading time\" \/>\n\t<meta name=\"twitter:data1\" content=\"6 minutes\" \/>\n<script type=\"application\/ld+json\" class=\"yoast-schema-graph\">{\"@context\":\"https:\/\/schema.org\",\"@graph\":[{\"@type\":\"WebPage\",\"@id\":\"https:\/\/europeanquality.eu\/en\/congress\/european-congress-of-quality-2014\/\",\"url\":\"https:\/\/europeanquality.eu\/en\/congress\/european-congress-of-quality-2014\/\",\"name\":\"I European Quality Congress - European Quality Certificate\",\"isPartOf\":{\"@id\":\"https:\/\/europeanquality.eu\/#website\"},\"primaryImageOfPage\":{\"@id\":\"https:\/\/europeanquality.eu\/en\/congress\/european-congress-of-quality-2014\/#primaryimage\"},\"image\":{\"@id\":\"https:\/\/europeanquality.eu\/en\/congress\/european-congress-of-quality-2014\/#primaryimage\"},\"thumbnailUrl\":\"https:\/\/europeanquality.eu\/cnt\/upld\/2017\/12\/grupowe-2014.jpg\",\"datePublished\":\"2018-02-13T12:34:21+00:00\",\"dateModified\":\"2018-05-18T07:45:15+00:00\",\"description\":\"Almost 500 participants, six thematic panels, notable guests and a whole day of substantive talks on the importance and role of quality in achieving\",\"breadcrumb\":{\"@id\":\"https:\/\/europeanquality.eu\/en\/congress\/european-congress-of-quality-2014\/#breadcrumb\"},\"inLanguage\":\"en-US\",\"potentialAction\":[{\"@type\":\"ReadAction\",\"target\":[\"https:\/\/europeanquality.eu\/en\/congress\/european-congress-of-quality-2014\/\"]}]},{\"@type\":\"ImageObject\",\"inLanguage\":\"en-US\",\"@id\":\"https:\/\/europeanquality.eu\/en\/congress\/european-congress-of-quality-2014\/#primaryimage\",\"url\":\"https:\/\/europeanquality.eu\/cnt\/upld\/2017\/12\/grupowe-2014.jpg\",\"contentUrl\":\"https:\/\/europeanquality.eu\/cnt\/upld\/2017\/12\/grupowe-2014.jpg\"},{\"@type\":\"BreadcrumbList\",\"@id\":\"https:\/\/europeanquality.eu\/en\/congress\/european-congress-of-quality-2014\/#breadcrumb\",\"itemListElement\":[{\"@type\":\"ListItem\",\"position\":1,\"name\":\"Strona g\u0142\u00f3wna\",\"item\":\"https:\/\/europeanquality.eu\/en\/\"},{\"@type\":\"ListItem\",\"position\":2,\"name\":\"Congress\",\"item\":\"https:\/\/europeanquality.eu\/en\/congress\/\"},{\"@type\":\"ListItem\",\"position\":3,\"name\":\"I European Quality Congress\"}]},{\"@type\":\"WebSite\",\"@id\":\"https:\/\/europeanquality.eu\/#website\",\"url\":\"https:\/\/europeanquality.eu\/\",\"name\":\"European Quality Certificate\",\"description\":\"\",\"publisher\":{\"@id\":\"https:\/\/europeanquality.eu\/#organization\"},\"potentialAction\":[{\"@type\":\"SearchAction\",\"target\":{\"@type\":\"EntryPoint\",\"urlTemplate\":\"https:\/\/europeanquality.eu\/?s={search_term_string}\"},\"query-input\":{\"@type\":\"PropertyValueSpecification\",\"valueRequired\":true,\"valueName\":\"search_term_string\"}}],\"inLanguage\":\"en-US\"},{\"@type\":\"Organization\",\"@id\":\"https:\/\/europeanquality.eu\/#organization\",\"name\":\"European Quality Certificate\",\"url\":\"https:\/\/europeanquality.eu\/\",\"logo\":{\"@type\":\"ImageObject\",\"inLanguage\":\"en-US\",\"@id\":\"https:\/\/europeanquality.eu\/#\/schema\/logo\/image\/\",\"url\":\"https:\/\/europeanquality.eu\/cnt\/upld\/2017\/05\/podstawowe_poziom_jr2017.png\",\"contentUrl\":\"https:\/\/europeanquality.eu\/cnt\/upld\/2017\/05\/podstawowe_poziom_jr2017.png\",\"width\":300,\"height\":158,\"caption\":\"European Quality Certificate\"},\"image\":{\"@id\":\"https:\/\/europeanquality.eu\/#\/schema\/logo\/image\/\"},\"sameAs\":[\"https:\/\/www.facebook.com\/europeanqualitycertificate\/\",\"https:\/\/www.instagram.com\/quality_certificate\/\",\"https:\/\/www.linkedin.com\/company\/jako\u015b\u0107-roku\",\"https:\/\/www.youtube.com\/user\/JakoscRoku\"]}]}<\/script>\n<!-- \/ Yoast SEO plugin. -->","yoast_head_json":{"title":"I European Quality Congress - European Quality Certificate","description":"Almost 500 participants, six thematic panels, notable guests and a whole day of substantive talks on the importance and role of quality in achieving","robots":{"index":"index","follow":"follow","max-snippet":"max-snippet:-1","max-image-preview":"max-image-preview:large","max-video-preview":"max-video-preview:-1"},"canonical":"https:\/\/europeanquality.eu\/en\/congress\/european-congress-of-quality-2014\/","og_locale":"en_US","og_type":"article","og_title":"I European Quality Congress - European Quality Certificate","og_description":"Almost 500 participants, six thematic panels, notable guests and a whole day of substantive talks on the importance and role of quality in achieving","og_url":"https:\/\/europeanquality.eu\/en\/congress\/european-congress-of-quality-2014\/","og_site_name":"European Quality Certificate","article_publisher":"https:\/\/www.facebook.com\/europeanqualitycertificate\/","article_modified_time":"2018-05-18T07:45:15+00:00","og_image":[{"url":"https:\/\/europeanquality.eu\/cnt\/upld\/2017\/12\/laureaci-2014.jpg","type":"","width":"","height":""}],"twitter_card":"summary_large_image","twitter_misc":{"Est. reading time":"6 minutes"},"schema":{"@context":"https:\/\/schema.org","@graph":[{"@type":"WebPage","@id":"https:\/\/europeanquality.eu\/en\/congress\/european-congress-of-quality-2014\/","url":"https:\/\/europeanquality.eu\/en\/congress\/european-congress-of-quality-2014\/","name":"I European Quality Congress - European Quality Certificate","isPartOf":{"@id":"https:\/\/europeanquality.eu\/#website"},"primaryImageOfPage":{"@id":"https:\/\/europeanquality.eu\/en\/congress\/european-congress-of-quality-2014\/#primaryimage"},"image":{"@id":"https:\/\/europeanquality.eu\/en\/congress\/european-congress-of-quality-2014\/#primaryimage"},"thumbnailUrl":"https:\/\/europeanquality.eu\/cnt\/upld\/2017\/12\/grupowe-2014.jpg","datePublished":"2018-02-13T12:34:21+00:00","dateModified":"2018-05-18T07:45:15+00:00","description":"Almost 500 participants, six thematic panels, notable guests and a whole day of substantive talks on the importance and role of quality in achieving","breadcrumb":{"@id":"https:\/\/europeanquality.eu\/en\/congress\/european-congress-of-quality-2014\/#breadcrumb"},"inLanguage":"en-US","potentialAction":[{"@type":"ReadAction","target":["https:\/\/europeanquality.eu\/en\/congress\/european-congress-of-quality-2014\/"]}]},{"@type":"ImageObject","inLanguage":"en-US","@id":"https:\/\/europeanquality.eu\/en\/congress\/european-congress-of-quality-2014\/#primaryimage","url":"https:\/\/europeanquality.eu\/cnt\/upld\/2017\/12\/grupowe-2014.jpg","contentUrl":"https:\/\/europeanquality.eu\/cnt\/upld\/2017\/12\/grupowe-2014.jpg"},{"@type":"BreadcrumbList","@id":"https:\/\/europeanquality.eu\/en\/congress\/european-congress-of-quality-2014\/#breadcrumb","itemListElement":[{"@type":"ListItem","position":1,"name":"Strona g\u0142\u00f3wna","item":"https:\/\/europeanquality.eu\/en\/"},{"@type":"ListItem","position":2,"name":"Congress","item":"https:\/\/europeanquality.eu\/en\/congress\/"},{"@type":"ListItem","position":3,"name":"I European Quality Congress"}]},{"@type":"WebSite","@id":"https:\/\/europeanquality.eu\/#website","url":"https:\/\/europeanquality.eu\/","name":"European Quality Certificate","description":"","publisher":{"@id":"https:\/\/europeanquality.eu\/#organization"},"potentialAction":[{"@type":"SearchAction","target":{"@type":"EntryPoint","urlTemplate":"https:\/\/europeanquality.eu\/?s={search_term_string}"},"query-input":{"@type":"PropertyValueSpecification","valueRequired":true,"valueName":"search_term_string"}}],"inLanguage":"en-US"},{"@type":"Organization","@id":"https:\/\/europeanquality.eu\/#organization","name":"European Quality Certificate","url":"https:\/\/europeanquality.eu\/","logo":{"@type":"ImageObject","inLanguage":"en-US","@id":"https:\/\/europeanquality.eu\/#\/schema\/logo\/image\/","url":"https:\/\/europeanquality.eu\/cnt\/upld\/2017\/05\/podstawowe_poziom_jr2017.png","contentUrl":"https:\/\/europeanquality.eu\/cnt\/upld\/2017\/05\/podstawowe_poziom_jr2017.png","width":300,"height":158,"caption":"European Quality Certificate"},"image":{"@id":"https:\/\/europeanquality.eu\/#\/schema\/logo\/image\/"},"sameAs":["https:\/\/www.facebook.com\/europeanqualitycertificate\/","https:\/\/www.instagram.com\/quality_certificate\/","https:\/\/www.linkedin.com\/company\/jako\u015b\u0107-roku","https:\/\/www.youtube.com\/user\/JakoscRoku"]}]}},"_links":{"self":[{"href":"https:\/\/europeanquality.eu\/en\/wp-json\/wp\/v2\/pages\/14453","targetHints":{"allow":["GET"]}}],"collection":[{"href":"https:\/\/europeanquality.eu\/en\/wp-json\/wp\/v2\/pages"}],"about":[{"href":"https:\/\/europeanquality.eu\/en\/wp-json\/wp\/v2\/types\/page"}],"author":[{"embeddable":true,"href":"https:\/\/europeanquality.eu\/en\/wp-json\/wp\/v2\/users\/1"}],"replies":[{"embeddable":true,"href":"https:\/\/europeanquality.eu\/en\/wp-json\/wp\/v2\/comments?post=14453"}],"version-history":[{"count":0,"href":"https:\/\/europeanquality.eu\/en\/wp-json\/wp\/v2\/pages\/14453\/revisions"}],"up":[{"embeddable":true,"href":"https:\/\/europeanquality.eu\/en\/wp-json\/wp\/v2\/pages\/14449"}],"wp:attachment":[{"href":"https:\/\/europeanquality.eu\/en\/wp-json\/wp\/v2\/media?parent=14453"}],"curies":[{"name":"wp","href":"https:\/\/api.w.org\/{rel}","templated":true}]}}